{"id":136,"date":"2022-12-04T18:23:46","date_gmt":"2022-12-04T17:23:46","guid":{"rendered":"http:\/\/pruki.hu\/?page_id=136"},"modified":"2022-12-07T13:18:42","modified_gmt":"2022-12-07T12:18:42","slug":"adatkezelesi-tajekoztato","status":"publish","type":"page","link":"https:\/\/pruki.hu\/index.php\/adatkezelesi-tajekoztato\/","title":{"rendered":""},"content":{"rendered":"\n<figure class=\"wp-block-image size-full is-resized\"><img fetchpriority=\"high\" decoding=\"async\" src=\"http:\/\/pruki.hu\/wp-content\/uploads\/2022\/12\/copy.png\" alt=\"\" class=\"wp-image-282\" width=\"403\" height=\"261\" srcset=\"https:\/\/pruki.hu\/wp-content\/uploads\/2022\/12\/copy.png 734w, https:\/\/pruki.hu\/wp-content\/uploads\/2022\/12\/copy-300x194.png 300w, https:\/\/pruki.hu\/wp-content\/uploads\/2022\/12\/copy-309x200.png 309w, https:\/\/pruki.hu\/wp-content\/uploads\/2022\/12\/copy-600x388.png 600w\" sizes=\"(max-width: 403px) 100vw, 403px\" \/><\/figure>\n\n\n\n<h1 class=\"wp-block-heading\">\u00a9opyright<\/h1>\n\n\n\n<p>Ha \u00d6n nem \u00e9rt egyet a nyilatkozatban foglaltakkal, ne haszn\u00e1lja a <a href=\"http:\/\/pruki.hu\" target=\"_blank\" rel=\"noreferrer noopener\">http:\/\/pruki.hu<\/a>&nbsp;weboldalt, sem az azon kereszt\u00fcl el\u00e9rhet\u0151 szolg\u00e1ltat\u00e1sokat.<\/p>\n\n\n\n<p><strong>Szerz\u0151i jog<\/strong><\/p>\n\n\n\n<p>A weboldal szerz\u0151i jogi m\u0171nek min\u0151s\u00fcl. \u00d6nnek jog\u00e1ban \u00e1ll a weboldal egyes r\u00e9szeit kinyomtatni vagy merevlemezre let\u00f6lteni, \u00e9s m\u00e1s szem\u00e9lyekkel megosztani, felt\u00e9ve hogy ezt kiz\u00e1r\u00f3lag t\u00e1j\u00e9koztat\u00e1s c\u00e9lj\u00e1b\u00f3l teszi.<\/p>\n\n\n\n<p>Az \u00d6n \u00e1ltal k\u00e9sz\u00edtett valamennyi m\u00e1solatnak (ide nem \u00e9rtve a weboldal merevlemezre mentett v\u00e1ltozat\u00e1t) tartalmaznia kell a k\u00f6vetkez\u0151 szerz\u0151i jogi nyilatkozatot: Copyright \u00a9&nbsp;<a href=\"http:\/\/pruki.hu\" target=\"_blank\" rel=\"noreferrer noopener\">http:\/\/pruki.hu<\/a>&nbsp;&nbsp;Minden jog fenntartva.<\/p>\n\n\n\n<p>El\u0151zetes \u00edr\u00e1sbeli j\u00f3v\u00e1hagy\u00e1s n\u00e9lk\u00fcl tilos a weboldal eg\u00e9sz\u00e9nek vagy r\u00e9sz\u00e9nek, r\u00e9szlet\u00e9nek t\u00e1j\u00e9koztat\u00e1si c\u00e9lon t\u00fali (pl. kereskedelmi c\u00e9l\u00fa) m\u00e1sol\u00e1sa, t\u00f6bbsz\u00f6r\u00f6z\u00e9se, \u00fajra nyilv\u00e1noss\u00e1ghoz t\u00f6rt\u00e9n\u0151 k\u00f6zvet\u00edt\u00e9se, \u00e9s\/vagy a weboldal tartalm\u00e1nak mindenfajta eltorz\u00edt\u00e1sa, megcsonk\u00edt\u00e1sa, eg\u00e9szben vagy r\u00e9szben t\u00f6rt\u00e9n\u0151 haszn\u00e1lata, felhaszn\u00e1l\u00e1sa, feldolgoz\u00e1sa, \u00e9rt\u00e9kes\u00edt\u00e9se a&nbsp;<a href=\"http:\/\/pruki.hu\" target=\"_blank\" rel=\"noreferrer noopener\">http:\/\/pruki.hu<\/a>, mint szerz\u0151 \u00edr\u00e1sos hozz\u00e1j\u00e1rul\u00e1sa n\u00e9lk\u00fcl.<\/p>\n\n\n\n<p>El\u0151zetes \u00edr\u00e1sbeli j\u00f3v\u00e1hagy\u00e1s n\u00e9lk\u00fcl tilos m\u00f3dos\u00edtani a weboldalt (vagy annak b\u00e1rmely r\u00e9sz\u00e9t), vagy belefoglalni azt b\u00e1rmilyen m\u00e1s m\u0171be, p\u00e9ld\u00e1l\u00f3z\u00f3 felsorol\u00e1ssal \u00e9lve nyomtatott dokumentumba, blogba, saj\u00e1t vagy harmadik f\u00e9l weboldal\u00e1ba.<\/p>\n\n\n\n<p>A weboldal olvas\u00f3ja, felhaszn\u00e1l\u00f3ja tudom\u00e1sul veszi, hogy a felhaszn\u00e1l\u00e1si enged\u00e9ly n\u00e9lk\u00fcli felhaszn\u00e1l\u00e1s eset\u00e9n a szerz\u0151t k\u00f6tb\u00e9r illeti meg. A weboldal olvas\u00f3ja, felhaszn\u00e1l\u00f3ja tudom\u00e1sul veszi, hogy ezen k\u00f6tb\u00e9rkik\u00f6t\u00e9s nem t\u00falz\u00f3, \u00e9s ennek tudat\u00e1ban haszn\u00e1lja a weboldalt. Szerz\u0151i jogi jogs\u00e9rt\u00e9s eset\u00e9n&nbsp;a&nbsp;<a href=\"http:\/\/pruki.hu\" target=\"_blank\" rel=\"noreferrer noopener\">http:\/\/pruki.hu<\/a>&nbsp;k\u00f6zjegyz\u0151i t\u00e9nytan\u00fas\u00edt\u00e1st alkalmaz, melynek \u00f6sszeg\u00e9t szint\u00e9n a jogs\u00e9rt\u0151 felhaszn\u00e1l\u00f3ra h\u00e1r\u00edtja.<\/p>\n\n\n\n<p><strong>Felel\u0151ss\u00e9g<\/strong><\/p>\n\n\n\n<p>A weboldal tartalm\u00e1t a&nbsp;<a rel=\"noreferrer noopener\" href=\"http:\/\/pruki.hu\" target=\"_blank\">http:\/\/pruki.hu<\/a>&nbsp;a lehet\u0151 leggondosabban \u00e1ll\u00edtotta \u00f6ssze, azonban kiz\u00e1r\u00f3lag t\u00e1j\u00e9koztat\u00f3 jelleggel m\u0171k\u00f6dik \u00e9s a&nbsp;<a rel=\"noreferrer noopener\" href=\"http:\/\/pruki.hu\" target=\"_blank\">http:\/\/pruki.hu<\/a>&nbsp;d\u00f6nt\u00e9s\u00e9t\u0151l f\u00fcgg\u0151en v\u00e1ltozik\/v\u00e1ltozhat. Erre tekintettel a&nbsp;<a href=\"http:\/\/pruki.hu\" target=\"_blank\" rel=\"noreferrer noopener\">http:\/\/pruki.hu<\/a>&nbsp;nem v\u00e1llal felel\u0151ss\u00e9get a weboldal pontoss\u00e1g\u00e1\u00e9rt \u00e9s teljes k\u00f6r\u0171s\u00e9g\u00e9\u00e9rt, helyess\u00e9g\u00e9\u00e9rt, naprak\u00e9szs\u00e9g\u00e9\u00e9rt, sem a weboldal megszak\u00edt\u00e1s- \u00e9s hibamentes m\u0171k\u00f6d\u00e9s\u00e9\u00e9rt.<\/p>\n\n\n\n<p>A t\u00f6rv\u00e9ny \u00e1ltal megengedett m\u00e9rt\u00e9kig a&nbsp;<a href=\"http:\/\/pruki.hu\" target=\"_blank\" rel=\"noreferrer noopener\">http:\/\/pruki.hu<\/a>&nbsp;ezennel kiz\u00e1r minden felel\u0151ss\u00e9get a weboldal \u00d6n \u00e1ltal t\u00f6rt\u00e9n\u0151 haszn\u00e1lata \u00e9s\/vagy ennek eredm\u00e9nye \u00e1ltal b\u00e1rmilyen m\u00f3don, k\u00f6zvetlen\u00fcl \u00e9s\/vagy k\u00f6zvetetten okozott mindennem\u0171 k\u00e1r\u00e9rt, bele\u00e9rtve, de nem kiz\u00e1r\u00f3lagoss\u00e1ggal a k\u00f6vetkez\u0151k \u00e1ltal b\u00e1rmilyen m\u00f3don okozott \u00e9s\/vagy azokb\u00f3l b\u00e1rmilyen m\u00f3don fakad\u00f3 k\u00e1rokat:<\/p>\n\n\n\n<ul class=\"wp-block-list\">\n<li>az \u00d6n b\u00e1rmif\u00e9le tev\u00e9kenys\u00e9ge, melyre esetleg a weboldalon k\u00f6zz\u00e9tett inform\u00e1ci\u00f3, adat vagy szolg\u00e1ltat\u00e1s \u00f6szt\u00f6n\u00f6zte \u00d6nt;<\/li>\n\n\n\n<li>a weboldal haszn\u00e1lat\u00e1nak lehetetlens\u00e9ge;<\/li>\n\n\n\n<li>a weboldalon szerepl\u0151 bizonyos inform\u00e1ci\u00f3k helytelens\u00e9ge, hi\u00e1nyoss\u00e1ga vagy elavults\u00e1ga.<\/li>\n<\/ul>\n\n\n\n<p><strong>Hiperhivatkoz\u00e1sok<\/strong><\/p>\n\n\n\n<p>Weboldalon szerepl\u0151 hiperhivatkoz\u00e1sok (linkek) csak a k\u00f6nnyebb el\u00e9r\u00e9st szolg\u00e1lj\u00e1k, \u00e9s egyik hivatkoz\u00e1s szerepeltet\u00e9se sem jelenti a&nbsp;<a rel=\"noreferrer noopener\" href=\"http:\/\/pruki.hu\" target=\"_blank\">http:\/\/pruki.hu&nbsp;<\/a>j\u00f3v\u00e1hagy\u00e1s\u00e1t a hiperhivatkoz\u00e1son kereszt\u00fcl el\u00e9rhet\u0151 weboldal tartalm\u00e1t illet\u0151en. A&nbsp;<a href=\"http:\/\/pruki.hu\" target=\"_blank\" rel=\"noreferrer noopener\">http:\/\/pruki.hu<\/a>&nbsp;nem v\u00e1llal felel\u0151ss\u00e9get sem a hivatkoz\u00e1sokon kereszt\u00fcl el\u00e9rhet\u0151 weboldalak tartalm\u00e1\u00e9rt, sem az azokon tal\u00e1lhat\u00f3 hivatkoz\u00e1sok\u00e9rt. A weboldalon \u00e9s a hiperhivatkoz\u00e1son kereszt\u00fcl el\u00e9rt adatok \u00e9s inform\u00e1ci\u00f3k felhaszn\u00e1l\u00e1sa a felhaszn\u00e1l\u00f3 felel\u0151ss\u00e9g\u00e9re t\u00f6rt\u00e9nik.<\/p>\n\n\n\n<p><strong>Be\u00e1gyazott technol\u00f3gia<\/strong><\/p>\n\n\n\n<p>A weboldal be\u00e1gyazott lej\u00e1tsz\u00f3 technol\u00f3gi\u00e1kat haszn\u00e1lhat. A weboldal haszn\u00e1lat\u00e1val \u00d6n elfogadja a weboldal haszn\u00e1lat\u00e1nak felt\u00e9teleit. Azzal, hogy be\u00e1gyazott technol\u00f3gi\u00e1t haszn\u00e1l a weboldalon, az adott be\u00e1gyazott technol\u00f3gia haszn\u00e1lat\u00e1nak felt\u00e9teleit is elfogadja.<\/p>\n\n\n\n<p><strong>Kapcsolatfelv\u00e9tel<\/strong><\/p>\n\n\n\n<p>Ha b\u00e1rmilyen k\u00e9rd\u00e9se vagy panasza van weboldallal kapcsolatban, a k\u00f6vetkez\u0151 el\u00e9rhet\u0151s\u00e9gen l\u00e9phet kapcsolatba vel\u00fcnk:<\/p>\n\n\n\n<p><a rel=\"noreferrer noopener\" href=\"http:\/\/pruki.hu\" target=\"_blank\">http:\/\/pruki.hu<\/a>&nbsp;weboldalon kereszt\u00fcl, vagy az&nbsp;<a href=\"mailto:pruki@pruki.hu\" target=\"_blank\" rel=\"noreferrer noopener\">pruki@pruki.hu<\/a>&nbsp;e-mail c\u00edmen<\/p>\n","protected":false},"excerpt":{"rendered":"<p>\u00a9opyright Ha \u00d6n nem \u00e9rt egyet a nyilatkozatban foglaltakkal, ne haszn\u00e1lja a http:\/\/pruki.hu&nbsp;weboldalt, sem az azon kereszt\u00fcl el\u00e9rhet\u0151 szolg\u00e1ltat\u00e1sokat. Szerz\u0151i jog A weboldal szerz\u0151i jogi m\u0171nek min\u0151s\u00fcl. \u00d6nnek jog\u00e1ban \u00e1ll a weboldal egyes r\u00e9szeit kinyomtatni vagy merevlemezre let\u00f6lteni, \u00e9s m\u00e1s szem\u00e9lyekkel megosztani, felt\u00e9ve hogy ezt kiz\u00e1r\u00f3lag t\u00e1j\u00e9koztat\u00e1s c\u00e9lj\u00e1b\u00f3l teszi. Az \u00d6n \u00e1ltal k\u00e9sz\u00edtett valamennyi m\u00e1solatnak (ide nem \u00e9rtve a weboldal merevlemezre mentett v\u00e1ltozat\u00e1t) tartalmaznia kell a k\u00f6vetkez\u0151 szerz\u0151i jogi nyilatkozatot: Copyright \u00a9&nbsp;http:\/\/pruki.hu&nbsp;&nbsp;Minden jog fenntartva. El\u0151zetes \u00edr\u00e1sbeli j\u00f3v\u00e1hagy\u00e1s n\u00e9lk\u00fcl tilos a weboldal eg\u00e9sz\u00e9nek vagy r\u00e9sz\u00e9nek, r\u00e9szlet\u00e9nek t\u00e1j\u00e9koztat\u00e1si c\u00e9lon t\u00fali (pl. kereskedelmi c\u00e9l\u00fa) m\u00e1sol\u00e1sa, t\u00f6bbsz\u00f6r\u00f6z\u00e9se, \u00fajra nyilv\u00e1noss\u00e1ghoz t\u00f6rt\u00e9n\u0151 k\u00f6zvet\u00edt\u00e9se, \u00e9s\/vagy a weboldal tartalm\u00e1nak mindenfajta eltorz\u00edt\u00e1sa, megcsonk\u00edt\u00e1sa, eg\u00e9szben vagy r\u00e9szben t\u00f6rt\u00e9n\u0151 haszn\u00e1lata, felhaszn\u00e1l\u00e1sa, feldolgoz\u00e1sa, \u00e9rt\u00e9kes\u00edt\u00e9se a&nbsp;http:\/\/pruki.hu, mint szerz\u0151 \u00edr\u00e1sos hozz\u00e1j\u00e1rul\u00e1sa n\u00e9lk\u00fcl. El\u0151zetes \u00edr\u00e1sbeli j\u00f3v\u00e1hagy\u00e1s n\u00e9lk\u00fcl tilos m\u00f3dos\u00edtani a weboldalt (vagy annak b\u00e1rmely r\u00e9sz\u00e9t), vagy belefoglalni azt b\u00e1rmilyen m\u00e1s m\u0171be, p\u00e9ld\u00e1l\u00f3z\u00f3 felsorol\u00e1ssal \u00e9lve nyomtatott dokumentumba, blogba, saj\u00e1t vagy harmadik f\u00e9l weboldal\u00e1ba. A weboldal olvas\u00f3ja, felhaszn\u00e1l\u00f3ja tudom\u00e1sul veszi, hogy a felhaszn\u00e1l\u00e1si enged\u00e9ly n\u00e9lk\u00fcli felhaszn\u00e1l\u00e1s eset\u00e9n a szerz\u0151t k\u00f6tb\u00e9r illeti meg. A weboldal olvas\u00f3ja, felhaszn\u00e1l\u00f3ja tudom\u00e1sul veszi, hogy ezen k\u00f6tb\u00e9rkik\u00f6t\u00e9s nem t\u00falz\u00f3, \u00e9s ennek tudat\u00e1ban haszn\u00e1lja a weboldalt. Szerz\u0151i jogi jogs\u00e9rt\u00e9s eset\u00e9n&nbsp;a&nbsp;http:\/\/pruki.hu&nbsp;k\u00f6zjegyz\u0151i t\u00e9nytan\u00fas\u00edt\u00e1st alkalmaz, melynek \u00f6sszeg\u00e9t szint\u00e9n a jogs\u00e9rt\u0151 felhaszn\u00e1l\u00f3ra h\u00e1r\u00edtja. Felel\u0151ss\u00e9g A weboldal tartalm\u00e1t a&nbsp;http:\/\/pruki.hu&nbsp;a lehet\u0151 leggondosabban \u00e1ll\u00edtotta \u00f6ssze, azonban kiz\u00e1r\u00f3lag t\u00e1j\u00e9koztat\u00f3 jelleggel m\u0171k\u00f6dik \u00e9s a&nbsp;http:\/\/pruki.hu&nbsp;d\u00f6nt\u00e9s\u00e9t\u0151l f\u00fcgg\u0151en v\u00e1ltozik\/v\u00e1ltozhat. Erre tekintettel a&nbsp;http:\/\/pruki.hu&nbsp;nem v\u00e1llal felel\u0151ss\u00e9get a weboldal pontoss\u00e1g\u00e1\u00e9rt \u00e9s teljes k\u00f6r\u0171s\u00e9g\u00e9\u00e9rt, helyess\u00e9g\u00e9\u00e9rt, naprak\u00e9szs\u00e9g\u00e9\u00e9rt, sem a weboldal megszak\u00edt\u00e1s- \u00e9s hibamentes m\u0171k\u00f6d\u00e9s\u00e9\u00e9rt. A t\u00f6rv\u00e9ny \u00e1ltal megengedett m\u00e9rt\u00e9kig a&nbsp;http:\/\/pruki.hu&nbsp;ezennel kiz\u00e1r minden felel\u0151ss\u00e9get a weboldal \u00d6n \u00e1ltal t\u00f6rt\u00e9n\u0151 haszn\u00e1lata \u00e9s\/vagy ennek eredm\u00e9nye \u00e1ltal b\u00e1rmilyen m\u00f3don, k\u00f6zvetlen\u00fcl \u00e9s\/vagy k\u00f6zvetetten okozott mindennem\u0171 k\u00e1r\u00e9rt, bele\u00e9rtve, de nem kiz\u00e1r\u00f3lagoss\u00e1ggal a k\u00f6vetkez\u0151k \u00e1ltal b\u00e1rmilyen m\u00f3don okozott \u00e9s\/vagy azokb\u00f3l b\u00e1rmilyen m\u00f3don fakad\u00f3 k\u00e1rokat: Hiperhivatkoz\u00e1sok Weboldalon szerepl\u0151 hiperhivatkoz\u00e1sok (linkek) csak a k\u00f6nnyebb el\u00e9r\u00e9st szolg\u00e1lj\u00e1k, \u00e9s egyik hivatkoz\u00e1s szerepeltet\u00e9se sem jelenti a&nbsp;http:\/\/pruki.hu&nbsp;j\u00f3v\u00e1hagy\u00e1s\u00e1t a hiperhivatkoz\u00e1son kereszt\u00fcl el\u00e9rhet\u0151 weboldal tartalm\u00e1t illet\u0151en. &hellip;<\/p>\n","protected":false},"author":1,"featured_media":282,"parent":0,"menu_order":0,"comment_status":"closed","ping_status":"closed","template":"","meta":{"_monsterinsights_skip_tracking":false,"_monsterinsights_sitenote_active":false,"_monsterinsights_sitenote_note":"","_monsterinsights_sitenote_category":0,"_uf_show_specific_survey":0,"_uf_disable_surveys":false,"_mc_calendar":[],"footnotes":""},"class_list":["post-136","page","type-page","status-publish","has-post-thumbnail","hentry"],"jetpack_sharing_enabled":true,"_links":{"self":[{"href":"https:\/\/pruki.hu\/index.php\/wp-json\/wp\/v2\/pages\/136","targetHints":{"allow":["GET"]}}],"collection":[{"href":"https:\/\/pruki.hu\/index.php\/wp-json\/wp\/v2\/pages"}],"about":[{"href":"https:\/\/pruki.hu\/index.php\/wp-json\/wp\/v2\/types\/page"}],"author":[{"embeddable":true,"href":"https:\/\/pruki.hu\/index.php\/wp-json\/wp\/v2\/users\/1"}],"replies":[{"embeddable":true,"href":"https:\/\/pruki.hu\/index.php\/wp-json\/wp\/v2\/comments?post=136"}],"version-history":[{"count":3,"href":"https:\/\/pruki.hu\/index.php\/wp-json\/wp\/v2\/pages\/136\/revisions"}],"predecessor-version":[{"id":284,"href":"https:\/\/pruki.hu\/index.php\/wp-json\/wp\/v2\/pages\/136\/revisions\/284"}],"wp:featuredmedia":[{"embeddable":true,"href":"https:\/\/pruki.hu\/index.php\/wp-json\/wp\/v2\/media\/282"}],"wp:attachment":[{"href":"https:\/\/pruki.hu\/index.php\/wp-json\/wp\/v2\/media?parent=136"}],"curies":[{"name":"wp","href":"https:\/\/api.w.org\/{rel}","templated":true}]}}